{"id":96,"date":"2024-09-23T20:10:55","date_gmt":"2024-09-23T18:10:55","guid":{"rendered":"https:\/\/ranenere.mttv.it\/?page_id=96"},"modified":"2024-09-23T20:10:55","modified_gmt":"2024-09-23T18:10:55","slug":"corsi-di-apnea","status":"publish","type":"page","link":"https:\/\/ranenere.mttv.it\/?page_id=96","title":{"rendered":"Corsi di Apnea"},"content":{"rendered":"\n<p class=\"wp-block-paragraph\">Praticare l&#8217;Apnea in sicurezza<\/p>\n\n\n\n<figure class=\"wp-block-pullquote\"><blockquote><p>\u201cIl sub si immerge per guardarsi attorno, l\u2019apneista per guardarsi dentro.\u201d<\/p><cite>Umberto Pelizzari<\/cite><\/blockquote><\/figure>\n\n\n\n<p class=\"wp-block-paragraph\">La vocazione principale del Club Rane Nere Trento \u00e8 quella di insegnare a tutti a frequentare il mondo subacqueo con il massimo di rispetto, in tutta tranquillit\u00e0 , e senza competizione.<br>Siamo sempre stati legati alla FIPSAS ed alla CMAS, seguendone le direttive tecniche, didattiche, di sicurezza. Ne segue che l&#8217;insieme dei corsi di apnea che offriamo ai nostri allievi non \u00e8 orientato solo all&#8217;ottenimento di un brevetto, ma soprattutto al raggiungimento della consapevolezza dei propri limiti e delle proprie abilit\u00e0. La nostra scuola \u00e8 attiva dal 1968, e ad oggi ha formato pi\u00f9 di 1000 subacquei , amici che ora speriamo possano trarre dall&#8221;immersione quel qualcosa in pi\u00f9 che li fa vivere un po&#8217; meglio.<br>Il nuovo sistema didattico della FIPSAS per quanto riguarda l&#8217;apnea prevede un percorso composto dai corsi base di primo e secondo grado, per proseguire poi con il corso di istruttore apnea.<\/p>\n\n\n\n<div class=\"wp-block-columns is-layout-flex wp-container-core-columns-is-layout-8f761849 wp-block-columns-is-layout-flex\">\n<div class=\"wp-block-column is-layout-flow wp-block-column-is-layout-flow\">\n<figure class=\"wp-block-image size-full\"><img loading=\"lazy\" decoding=\"async\" width=\"750\" height=\"422\" src=\"https:\/\/ranenere.mttv.it\/wp-content\/uploads\/2024\/09\/corso-primo-grado-apnea-trento.jpeg\" alt=\"\" class=\"wp-image-72\" srcset=\"https:\/\/ranenere.mttv.it\/wp-content\/uploads\/2024\/09\/corso-primo-grado-apnea-trento.jpeg 750w, https:\/\/ranenere.mttv.it\/wp-content\/uploads\/2024\/09\/corso-primo-grado-apnea-trento-300x169.jpeg 300w\" sizes=\"auto, (max-width: 750px) 100vw, 750px\" \/><\/figure>\n\n\n\n<h4 class=\"wp-block-heading\">Corso Apnea 1\u00b0Grado<\/h4>\n\n\n\n<p class=\"has-small-font-size wp-block-paragraph\">Il <a target=\"_blank\" href=\"http:\/\/portale.fipsas.it\/Sezioni\/Didattica\/Corsi\/Apneadi1Grado\/tabid\/572\/language\/it-IT\/Default.aspx\" rel=\"noreferrer noopener\">corso<\/a> si rivolge a coloro che desiderino avvicinarsi all&#8217;apnea per la prima volta oppure a chi l&#8217;abbia gi\u00e0 affrontata in modo fisico ed istintivo e sia alla ricerca di un approccio pi\u00f9 consapevole e sicuro.<\/p>\n\n\n\n<p class=\"has-small-font-size wp-block-paragraph\">Apprenderete le basi di questa disciplina e migliorerete la vostra acquaticit\u00e0 e sicurezza in acqua alternando nozioni di teoria, rilassamento e respirazione,&nbsp;alle esercitazioni in piscina. Concluderete poi il percorso con una serie di uscite in acque libere.<\/p>\n\n\n\n<ul class=\"wp-block-list\">\n<li class=\"has-small-font-size\"><strong>Il brevetto di 1\u00b0 grado FIPSAS\/CMAS<\/strong> abilita all&#8217;immersione in apnea, in coppia, ad una profondit\u00e0&nbsp; massima di 8 metri.<\/li>\n\n\n\n<li class=\"has-small-font-size\"><strong>Requisiti minimi<\/strong>: 14 anni di et\u00e0&nbsp; ed una sufficiente abilit\u00e0&nbsp; natatoria.<\/li>\n<\/ul>\n<\/div>\n\n\n\n<div class=\"wp-block-column is-layout-flow wp-block-column-is-layout-flow\">\n<figure class=\"wp-block-image size-full\"><img loading=\"lazy\" decoding=\"async\" width=\"750\" height=\"422\" src=\"https:\/\/ranenere.mttv.it\/wp-content\/uploads\/2024\/09\/corso-secondo-grado-apnea-trento.jpeg\" alt=\"\" class=\"wp-image-71\" srcset=\"https:\/\/ranenere.mttv.it\/wp-content\/uploads\/2024\/09\/corso-secondo-grado-apnea-trento.jpeg 750w, https:\/\/ranenere.mttv.it\/wp-content\/uploads\/2024\/09\/corso-secondo-grado-apnea-trento-300x169.jpeg 300w\" sizes=\"auto, (max-width: 750px) 100vw, 750px\" \/><\/figure>\n\n\n\n<h4 class=\"wp-block-heading\">Corso Apnea 2\u00b0Grado<\/h4>\n\n\n\n<p class=\"has-small-font-size wp-block-paragraph\">Una volta apprese le basi dell&#8217;apnea moderna, il desiderio di esplorare le proprie possibilit\u00e0&nbsp; interiori si far\u00e0&nbsp; senz&#8217;altro pi\u00f9 forte.<\/p>\n\n\n\n<p class=\"has-small-font-size wp-block-paragraph\">Il corso prepara all&#8217;effettuazione di immersioni in apnea pi\u00f9 impegnative. E&#8217; mirato all&#8217;approfondimento delle nozioni di tecnica di rilassamento apprese durante il corso di primo grado ed \u00e8 incentrato soprattutto sull&#8217;apnea dinamica.<\/p>\n\n\n\n<ul class=\"wp-block-list\">\n<li class=\"has-small-font-size\"><strong>Il brevetto di 2\u00b0grado abilita <\/strong>all&#8217;immersione in apnea, in coppia, ad una profondit\u00e0&nbsp; massima di 16 metri.<\/li>\n\n\n\n<li class=\"has-small-font-size\"><strong>Requisiti minimi<\/strong>: 15 anni di et\u00e0&nbsp; ed il brevetto Apnea 1\u00b0 grado.<\/li>\n<\/ul>\n<\/div>\n\n\n\n<div class=\"wp-block-column is-layout-flow wp-block-column-is-layout-flow\">\n<figure class=\"wp-block-image size-full\"><img loading=\"lazy\" decoding=\"async\" width=\"750\" height=\"422\" src=\"https:\/\/ranenere.mttv.it\/wp-content\/uploads\/2024\/09\/corso-mini-apnea-paguro.jpeg\" alt=\"\" class=\"wp-image-70\" srcset=\"https:\/\/ranenere.mttv.it\/wp-content\/uploads\/2024\/09\/corso-mini-apnea-paguro.jpeg 750w, https:\/\/ranenere.mttv.it\/wp-content\/uploads\/2024\/09\/corso-mini-apnea-paguro-300x169.jpeg 300w\" sizes=\"auto, (max-width: 750px) 100vw, 750px\" \/><\/figure>\n\n\n\n<h4 class=\"wp-block-heading\">Mini Apnea 1\u00b0Grado<\/h4>\n<\/div>\n<\/div>\n","protected":false},"excerpt":{"rendered":"<p>Praticare l&#8217;Apnea in sicurezza \u201cIl sub si immerge per guardarsi attorno, l\u2019apneista per guardarsi dentro.\u201d Umberto Pelizzari La vocazione principale del Club Rane Nere Trento \u00e8 quella di insegnare a tutti a frequentare il mondo subacqueo con il massimo di rispetto, in tutta tranquillit\u00e0 , e senza competizione.Siamo sempre stati legati alla FIPSAS ed alla [&hellip;]<\/p>\n","protected":false},"author":1,"featured_media":0,"parent":0,"menu_order":0,"comment_status":"closed","ping_status":"closed","template":"","meta":{"footnotes":""},"class_list":["post-96","page","type-page","status-publish","hentry","post-preview"],"_links":{"self":[{"href":"https:\/\/ranenere.mttv.it\/index.php?rest_route=\/wp\/v2\/pages\/96","targetHints":{"allow":["GET"]}}],"collection":[{"href":"https:\/\/ranenere.mttv.it\/index.php?rest_route=\/wp\/v2\/pages"}],"about":[{"href":"https:\/\/ranenere.mttv.it\/index.php?rest_route=\/wp\/v2\/types\/page"}],"author":[{"embeddable":true,"href":"https:\/\/ranenere.mttv.it\/index.php?rest_route=\/wp\/v2\/users\/1"}],"replies":[{"embeddable":true,"href":"https:\/\/ranenere.mttv.it\/index.php?rest_route=%2Fwp%2Fv2%2Fcomments&post=96"}],"version-history":[{"count":1,"href":"https:\/\/ranenere.mttv.it\/index.php?rest_route=\/wp\/v2\/pages\/96\/revisions"}],"predecessor-version":[{"id":98,"href":"https:\/\/ranenere.mttv.it\/index.php?rest_route=\/wp\/v2\/pages\/96\/revisions\/98"}],"wp:attachment":[{"href":"https:\/\/ranenere.mttv.it\/index.php?rest_route=%2Fwp%2Fv2%2Fmedia&parent=96"}],"curies":[{"name":"wp","href":"https:\/\/api.w.org\/{rel}","templated":true}]}}